{"id":11,"date":"2024-07-16T20:26:44","date_gmt":"2024-07-16T20:26:44","guid":{"rendered":"https:\/\/www.francescobongiorni.com\/?page_id=11"},"modified":"2025-10-14T14:53:04","modified_gmt":"2025-10-14T14:53:04","slug":"about","status":"publish","type":"page","link":"https:\/\/www.francescobongiorni.com\/es\/about\/","title":{"rendered":"Sobre m\u00ed"},"content":{"rendered":"<div data-elementor-type=\"wp-page\" data-elementor-id=\"11\" class=\"elementor elementor-11\" data-elementor-post-type=\"page\">\n\t\t\t\t<div class=\"elementor-element elementor-element-3b1ff50 e-flex e-con-boxed e-con e-parent\" data-id=\"3b1ff50\" data-element_type=\"container\" data-settings=\"{&quot;jet_parallax_layout_list&quot;:[],&quot;background_background&quot;:&quot;classic&quot;}\">\n\t\t\t\t\t<div class=\"e-con-inner\">\n\t\t<div class=\"elementor-element elementor-element-41d4c07 e-con-full e-flex elementor-invisible e-con e-child\" data-id=\"41d4c07\" data-element_type=\"container\" data-settings=\"{&quot;animation&quot;:&quot;fadeIn&quot;,&quot;animation_delay&quot;:600,&quot;jet_parallax_layout_list&quot;:[]}\">\n\t\t\t\t<div class=\"elementor-element elementor-element-1cdf88d de_scroll_animation_no elementor-widget elementor-widget-elementskit-team\" data-id=\"1cdf88d\" data-element_type=\"widget\" data-widget_type=\"elementskit-team.default\">\n\t\t\t\t<div class=\"elementor-widget-container\">\n\t\t\t\t\t<div class=\"ekit-wid-con\">\n\t\t\t\t\t\t\t <div class=\"image-card-v2\"> \t\t\t\t\t\t\t\t\t\t\t\t\t\t\t\t\t<div class=\"profile-image-card elementor-animation- ekit-team-img ekit-team-style-overlay_details text-center\">\n\n\t\t\t\t\t\t\t\t\t\t\t\t\t<img fetchpriority=\"high\" decoding=\"async\" width=\"800\" height=\"946\" src=\"https:\/\/www.francescobongiorni.com\/wp-content\/uploads\/2024\/07\/Francesco_Bongiorni_Profile_Picture.jpg\" class=\"attachment-large size-large wp-image-189\" alt=\"\" srcset=\"https:\/\/www.francescobongiorni.com\/wp-content\/uploads\/2024\/07\/Francesco_Bongiorni_Profile_Picture.jpg 846w, https:\/\/www.francescobongiorni.com\/wp-content\/uploads\/2024\/07\/Francesco_Bongiorni_Profile_Picture-600x709.jpg 600w, https:\/\/www.francescobongiorni.com\/wp-content\/uploads\/2024\/07\/Francesco_Bongiorni_Profile_Picture-254x300.jpg 254w, https:\/\/www.francescobongiorni.com\/wp-content\/uploads\/2024\/07\/Francesco_Bongiorni_Profile_Picture-768x908.jpg 768w\" sizes=\"(max-width: 800px) 100vw, 800px\" \/>\t\t\t\t\t\t\t\t\t\t\t\t<div class=\"hover-area\">\n\t\t\t\t\t\t\t<div class=\"profile-body\">\n\t\t\t\t\t\t\t\t<h2 class=\"profile-title\">\n\t\t\t\t\t\t\t\t\t\t\t\t\t\t\t\t\t\t\t\t\t\t\t\t\t\t\t\t\t\t\t\t\t<\/h2>\n\t\t\t\t\t\t\t\t<p class=\"profile-designation\"><\/p>\n\t\t\t\t\t\t\t\t\t\t\t\t\t\t\t<\/div>\n\t\t\t\t\t\t\t\t\t\t\t\t\t\t\t<div class=\"profile-footer\">\n\t\t\t\t\t\t\t\t\t<ul class=\"ekit-team-social-list\">\n\t\t\t<li class=\"elementor-repeater-item-395dbf2\">\n\t\t\t<a href=\"https:\/\/www.behance.net\/FrancescoBongiorni\" aria-label=\"Behance\">\n\t\t\t\t<i aria-hidden=\"true\" class=\"icon icon-behance\"><\/i>\t\t\t<\/a>\n\t\t<\/li>\n\t\t\t<li class=\"elementor-repeater-item-0c7cd90\">\n\t\t\t<a href=\"https:\/\/www.instagram.com\/francescobongiorni\/\" aria-label=\"Instagram\">\n\t\t\t\t<svg aria-hidden=\"true\" class=\"e-font-icon-svg e-fab-instagram\" viewbox=\"0 0 448 512\" xmlns=\"http:\/\/www.w3.org\/2000\/svg\"><path d=\"M224.1 141c-63.6 0-114.9 51.3-114.9 114.9s51.3 114.9 114.9 114.9S339 319.5 339 255.9 287.7 141 224.1 141zm0 189.6c-41.1 0-74.7-33.5-74.7-74.7s33.5-74.7 74.7-74.7 74.7 33.5 74.7 74.7-33.6 74.7-74.7 74.7zm146.4-194.3c0 14.9-12 26.8-26.8 26.8-14.9 0-26.8-12-26.8-26.8s12-26.8 26.8-26.8 26.8 12 26.8 26.8zm76.1 27.2c-1.7-35.9-9.9-67.7-36.2-93.9-26.2-26.2-58-34.4-93.9-36.2-37-2.1-147.9-2.1-184.9 0-35.8 1.7-67.6 9.9-93.9 36.1s-34.4 58-36.2 93.9c-2.1 37-2.1 147.9 0 184.9 1.7 35.9 9.9 67.7 36.2 93.9s58 34.4 93.9 36.2c37 2.1 147.9 2.1 184.9 0 35.9-1.7 67.7-9.9 93.9-36.2 26.2-26.2 34.4-58 36.2-93.9 2.1-37 2.1-147.8 0-184.8zM398.8 388c-7.8 19.6-22.9 34.7-42.6 42.6-29.5 11.7-99.5 9-132.1 9s-102.7 2.6-132.1-9c-19.6-7.8-34.7-22.9-42.6-42.6-11.7-29.5-9-99.5-9-132.1s-2.6-102.7 9-132.1c7.8-19.6 22.9-34.7 42.6-42.6 29.5-11.7 99.5-9 132.1-9s102.7-2.6 132.1 9c19.6 7.8 34.7 22.9 42.6 42.6 11.7 29.5 9 99.5 9 132.1s2.7 102.7-9 132.1z\"><\/path><\/svg>\t\t\t<\/a>\n\t\t<\/li>\n\t\t\t<li class=\"elementor-repeater-item-c6aa8ea\">\n\t\t\t<a href=\"mailto:mail@francescobongiorni.com\" aria-label=\"Correo electr\u00f3nico\">\n\t\t\t\t<svg aria-hidden=\"true\" class=\"e-font-icon-svg e-fas-envelope\" viewbox=\"0 0 512 512\" xmlns=\"http:\/\/www.w3.org\/2000\/svg\"><path d=\"M502.3 190.8c3.9-3.1 9.7-.2 9.7 4.7V400c0 26.5-21.5 48-48 48H48c-26.5 0-48-21.5-48-48V195.6c0-5 5.7-7.8 9.7-4.7 22.4 17.4 52.1 39.5 154.1 113.6 21.1 15.4 56.7 47.8 92.2 47.6 35.7.3 72-32.8 92.3-47.6 102-74.1 131.6-96.3 154-113.7zM256 320c23.2.4 56.6-29.2 73.4-41.4 132.7-96.3 142.8-104.7 173.4-128.7 5.8-4.5 9.2-11.5 9.2-18.9v-19c0-26.5-21.5-48-48-48H48C21.5 64 0 85.5 0 112v19c0 7.4 3.4 14.3 9.2 18.9 30.6 23.9 40.7 32.4 173.4 128.7 16.8 12.2 50.2 41.8 73.4 41.4z\"><\/path><\/svg>\t\t\t<\/a>\n\t\t<\/li>\n\t<\/ul>\n\t\t\t\t\t\t\t\t<\/div>\n\t\t\t\t\t\t\t\t\t\t\t\t\t<\/div>\n\t\t\t\t\t<\/div>\n\t\t\t\t\t <\/div> \n\t\t\t\t\n\t\t\t\t<\/div>\t\t\t\t<\/div>\n\t\t\t\t<\/div>\n\t\t\t\t<\/div>\n\t\t<div class=\"elementor-element elementor-element-a36005f e-con-full e-flex e-con e-child\" data-id=\"a36005f\" data-element_type=\"container\" data-settings=\"{&quot;jet_parallax_layout_list&quot;:[]}\">\n\t\t\t\t<div class=\"elementor-element elementor-element-623e327 de_scroll_animation_no elementor-widget elementor-widget-heading\" data-id=\"623e327\" data-element_type=\"widget\" data-widget_type=\"heading.default\">\n\t\t\t\t<div class=\"elementor-widget-container\">\n\t\t\t\t\t<h1 class=\"elementor-heading-title elementor-size-default\">Francesco Bongiorni<\/h1>\t\t\t\t<\/div>\n\t\t\t\t<\/div>\n\t\t\t\t<div class=\"elementor-element elementor-element-cda5501 de_scroll_animation_no elementor-invisible elementor-widget elementor-widget-heading\" data-id=\"cda5501\" data-element_type=\"widget\" data-settings=\"{&quot;_animation&quot;:&quot;fadeIn&quot;,&quot;_animation_delay&quot;:200}\" data-widget_type=\"heading.default\">\n\t\t\t\t<div class=\"elementor-widget-container\">\n\t\t\t\t\t<h2 class=\"elementor-heading-title elementor-size-default\">ACERCA DE M\u00cd<\/h2>\t\t\t\t<\/div>\n\t\t\t\t<\/div>\n\t\t\t\t<div class=\"elementor-element elementor-element-2fe2ce8 de_scroll_animation_no elementor-invisible elementor-widget elementor-widget-text-editor\" data-id=\"2fe2ce8\" data-element_type=\"widget\" data-settings=\"{&quot;_animation&quot;:&quot;fadeIn&quot;,&quot;_animation_delay&quot;:400}\" data-widget_type=\"text-editor.default\">\n\t\t\t\t<div class=\"elementor-widget-container\">\n\t\t\t\t\t\t\t\t\t<p>Francesco Bongiorni (Mil\u00e1n, 1984) crea im\u00e1genes impactantes y conceptuales,\ninterpretando y sintetizando ideas complejas de una manera original. Francesco\nproduce ilustraciones fuertes y sofisticadas, transmitiendo un mensaje claro y directo\nal espectador. Habla y trabaja en tres idiomas (italiano, ingl\u00e9s y espa\u00f1ol) y divide su\ntiempo entre Mil\u00e1n y Madrid. Su estilo es sint\u00e9tico y directo, fruto de su heterog\u00e9nea\nformaci\u00f3n que incluye estudios de Grabado, serigraf\u00eda, c\u00f3mic y pintura en la Academia\nde Bellas Artes N.A.B.A. de Mil\u00e1n, la Universidad de Bellas Artes de Salamanca y el IED\nde Mil\u00e1n. Francesco colabora regularmente con: The New York Times, AC Milan, Air\nFrance, The Guardian, Washington Post, The Wall Street Journal y Le Monde. Sus\ntrabajos se presentan en los a\u00f1os m\u00e1s importantes de la ilustraci\u00f3n como:\nCommunication Arts, Society of Illustrators of New York e American Illustration. En\n2018, la ilustraci\u00f3n \u201cOne Million Steps\u201d, creada en colaboraci\u00f3n con Illustri Festival y\ndedicada a una campa\u00f1a de M\u00e9dicos Sin Fronteras, gan\u00f3 la medalla de plata en la\ncategor\u00eda Institucional en la Sociedad de Ilustradores de Nueva York.<\/p>\t\t\t\t\t\t\t\t<\/div>\n\t\t\t\t<\/div>\n\t\t\t\t<div class=\"elementor-element elementor-element-b72dd2a de_scroll_animation_no elementor-invisible elementor-widget elementor-widget-button\" data-id=\"b72dd2a\" data-element_type=\"widget\" data-settings=\"{&quot;_animation&quot;:&quot;fadeIn&quot;,&quot;_animation_delay&quot;:600}\" data-widget_type=\"button.default\">\n\t\t\t\t<div class=\"elementor-widget-container\">\n\t\t\t\t\t\t\t\t\t<div class=\"elementor-button-wrapper\">\n\t\t\t\t\t<a class=\"elementor-button elementor-button-link elementor-size-sm\" href=\"https:\/\/www.francescobongiorni.com\/es\/contact\/\">\n\t\t\t\t\t\t<span class=\"elementor-button-content-wrapper\">\n\t\t\t\t\t\t<span class=\"elementor-button-icon\">\n\t\t\t\t<i aria-hidden=\"true\" class=\"icon icon-right-arrow\"><\/i>\t\t\t<\/span>\n\t\t\t\t\t\t\t\t\t<span class=\"elementor-button-text\">P\u00d3NGASE EN CONTACTO CONMIGO<\/span>\n\t\t\t\t\t<\/span>\n\t\t\t\t\t<\/a>\n\t\t\t\t<\/div>\n\t\t\t\t\t\t\t\t<\/div>\n\t\t\t\t<\/div>\n\t\t\t\t<\/div>\n\t\t\t\t\t<\/div>\n\t\t\t\t<\/div>\n\t\t<div class=\"elementor-element elementor-element-24ad719 e-flex e-con-boxed e-con e-parent\" data-id=\"24ad719\" data-element_type=\"container\" data-settings=\"{&quot;background_background&quot;:&quot;classic&quot;,&quot;jet_parallax_layout_list&quot;:[]}\">\n\t\t\t\t\t<div class=\"e-con-inner\">\n\t\t\t\t<div class=\"elementor-element elementor-element-7fe8f27 de_scroll_animation_no elementor-invisible elementor-widget elementor-widget-text-editor\" data-id=\"7fe8f27\" data-element_type=\"widget\" data-settings=\"{&quot;_animation&quot;:&quot;fadeInLeft&quot;,&quot;_animation_delay&quot;:400}\" data-widget_type=\"text-editor.default\">\n\t\t\t\t<div class=\"elementor-widget-container\">\n\t\t\t\t\t\t\t\t\t<p>Italiano ilustrador freelance con sede en Madrid.\u00a0<\/p>\t\t\t\t\t\t\t\t<\/div>\n\t\t\t\t<\/div>\n\t\t\t\t\t<\/div>\n\t\t\t\t<\/div>\n\t\t<div class=\"elementor-element elementor-element-90258a6 elementor-hidden-desktop elementor-hidden-tablet elementor-hidden-mobile e-flex e-con-boxed e-con e-parent\" data-id=\"90258a6\" data-element_type=\"container\" data-settings=\"{&quot;jet_parallax_layout_list&quot;:[],&quot;background_background&quot;:&quot;classic&quot;}\">\n\t\t\t\t\t<div class=\"e-con-inner\">\n\t\t<div class=\"elementor-element elementor-element-6f0c8f3 e-con-full e-flex e-con e-child\" data-id=\"6f0c8f3\" data-element_type=\"container\" data-settings=\"{&quot;jet_parallax_layout_list&quot;:[]}\">\n\t\t\t\t<div class=\"elementor-element elementor-element-1acc23c de_scroll_animation_no elementor-invisible elementor-widget elementor-widget-text-editor\" data-id=\"1acc23c\" data-element_type=\"widget\" data-settings=\"{&quot;_animation&quot;:&quot;fadeIn&quot;}\" data-widget_type=\"text-editor.default\">\n\t\t\t\t<div class=\"elementor-widget-container\">\n\t\t\t\t\t\t\t\t\t<p>francesco bongiorni<\/p>\t\t\t\t\t\t\t\t<\/div>\n\t\t\t\t<\/div>\n\t\t\t\t<div class=\"elementor-element elementor-element-6be96a3 de_scroll_animation_no elementor-invisible elementor-widget elementor-widget-heading\" data-id=\"6be96a3\" data-element_type=\"widget\" data-settings=\"{&quot;_animation&quot;:&quot;fadeIn&quot;,&quot;_animation_delay&quot;:200}\" data-widget_type=\"heading.default\">\n\t\t\t\t<div class=\"elementor-widget-container\">\n\t\t\t\t\t<h2 class=\"elementor-heading-title elementor-size-default\">Sellos De Correos<\/h2>\t\t\t\t<\/div>\n\t\t\t\t<\/div>\n\t\t<div class=\"elementor-element elementor-element-0b10e6f e-con-full e-flex elementor-invisible e-con e-child\" data-id=\"0b10e6f\" data-element_type=\"container\" data-settings=\"{&quot;animation&quot;:&quot;fadeIn&quot;,&quot;animation_delay&quot;:400,&quot;jet_parallax_layout_list&quot;:[]}\">\n\t\t<div class=\"elementor-element elementor-element-44c2a64 e-con-full e-flex elementor-invisible e-con e-child\" data-id=\"44c2a64\" data-element_type=\"container\" data-settings=\"{&quot;jet_parallax_layout_list&quot;:[],&quot;animation&quot;:&quot;fadeInLeft&quot;}\">\n\t\t\t\t<div class=\"elementor-element elementor-element-b06a2ff de_scroll_animation_no elementor-widget elementor-widget-image\" data-id=\"b06a2ff\" data-element_type=\"widget\" data-widget_type=\"image.default\">\n\t\t\t\t<div class=\"elementor-widget-container\">\n\t\t\t\t\t\t\t\t\t\t\t\t\t\t\t<img decoding=\"async\" width=\"388\" height=\"388\" src=\"https:\/\/www.francescobongiorni.com\/wp-content\/uploads\/2024\/07\/san-marino.jpg\" class=\"attachment-large size-large wp-image-216\" alt=\"\" srcset=\"https:\/\/www.francescobongiorni.com\/wp-content\/uploads\/2024\/07\/san-marino.jpg 388w, https:\/\/www.francescobongiorni.com\/wp-content\/uploads\/2024\/07\/san-marino-300x300.jpg 300w, https:\/\/www.francescobongiorni.com\/wp-content\/uploads\/2024\/07\/san-marino-100x100.jpg 100w, https:\/\/www.francescobongiorni.com\/wp-content\/uploads\/2024\/07\/san-marino-150x150.jpg 150w\" sizes=\"(max-width: 388px) 100vw, 388px\" \/>\t\t\t\t\t\t\t\t\t\t\t\t\t\t\t<\/div>\n\t\t\t\t<\/div>\n\t\t\t\t<\/div>\n\t\t<div class=\"elementor-element elementor-element-22c917a e-con-full e-flex elementor-invisible e-con e-child\" data-id=\"22c917a\" data-element_type=\"container\" data-settings=\"{&quot;jet_parallax_layout_list&quot;:[],&quot;animation&quot;:&quot;fadeInRight&quot;}\">\n\t\t\t\t<div class=\"elementor-element elementor-element-2ccb40a elementor-widget__width-auto de_scroll_animation_no elementor-widget elementor-widget-text-editor\" data-id=\"2ccb40a\" data-element_type=\"widget\" data-widget_type=\"text-editor.default\">\n\t\t\t\t<div class=\"elementor-widget-container\">\n\t\t\t\t\t\t\t\t\t<p>2016<\/p>\t\t\t\t\t\t\t\t<\/div>\n\t\t\t\t<\/div>\n\t\t\t\t<div class=\"elementor-element elementor-element-df9c01b de_scroll_animation_no elementor-widget elementor-widget-heading\" data-id=\"df9c01b\" data-element_type=\"widget\" data-widget_type=\"heading.default\">\n\t\t\t\t<div class=\"elementor-widget-container\">\n\t\t\t\t\t<h3 class=\"elementor-heading-title elementor-size-default\">En 2016, Francesco da cuenta de tres ilustraciones para la Navidad de la serie de sellos de San Marino en el tema de la hospitalidad.<\/h3>\t\t\t\t<\/div>\n\t\t\t\t<\/div>\n\t\t\t\t<\/div>\n\t\t\t\t<\/div>\n\t\t<div class=\"elementor-element elementor-element-9dbd2c3 e-con-full e-flex elementor-invisible e-con e-child\" data-id=\"9dbd2c3\" data-element_type=\"container\" data-settings=\"{&quot;animation&quot;:&quot;fadeIn&quot;,&quot;animation_delay&quot;:400,&quot;jet_parallax_layout_list&quot;:[]}\">\n\t\t<div class=\"elementor-element elementor-element-2b8a7c8 e-con-full e-flex elementor-invisible e-con e-child\" data-id=\"2b8a7c8\" data-element_type=\"container\" data-settings=\"{&quot;jet_parallax_layout_list&quot;:[],&quot;animation&quot;:&quot;fadeInLeft&quot;}\">\n\t\t\t\t<div class=\"elementor-element elementor-element-adf6aee elementor-widget__width-auto de_scroll_animation_no elementor-widget elementor-widget-text-editor\" data-id=\"adf6aee\" data-element_type=\"widget\" data-widget_type=\"text-editor.default\">\n\t\t\t\t<div class=\"elementor-widget-container\">\n\t\t\t\t\t\t\t\t\t<p>2017<\/p>\t\t\t\t\t\t\t\t<\/div>\n\t\t\t\t<\/div>\n\t\t\t\t<div class=\"elementor-element elementor-element-55a6945 de_scroll_animation_no elementor-widget elementor-widget-heading\" data-id=\"55a6945\" data-element_type=\"widget\" data-widget_type=\"heading.default\">\n\t\t\t\t<div class=\"elementor-widget-container\">\n\t\t\t\t\t<h3 class=\"elementor-heading-title elementor-size-default\">En 2017, \u00e9l trabaja en una serie de postales y sellos para el Vaticano, sobre el tema del a\u00f1o del turismo sostenible.<\/h3>\t\t\t\t<\/div>\n\t\t\t\t<\/div>\n\t\t\t\t<\/div>\n\t\t<div class=\"elementor-element elementor-element-4a9c119 e-con-full e-flex elementor-invisible e-con e-child\" data-id=\"4a9c119\" data-element_type=\"container\" data-settings=\"{&quot;jet_parallax_layout_list&quot;:[],&quot;animation&quot;:&quot;fadeInRight&quot;}\">\n\t\t\t\t<div class=\"elementor-element elementor-element-260d6de de_scroll_animation_no elementor-widget elementor-widget-image\" data-id=\"260d6de\" data-element_type=\"widget\" data-widget_type=\"image.default\">\n\t\t\t\t<div class=\"elementor-widget-container\">\n\t\t\t\t\t\t\t\t\t\t\t\t\t\t\t<img decoding=\"async\" width=\"388\" height=\"388\" src=\"https:\/\/www.francescobongiorni.com\/wp-content\/uploads\/2024\/07\/vatican.jpg\" class=\"attachment-large size-large wp-image-2070\" alt=\"\" srcset=\"https:\/\/www.francescobongiorni.com\/wp-content\/uploads\/2024\/07\/vatican.jpg 388w, https:\/\/www.francescobongiorni.com\/wp-content\/uploads\/2024\/07\/vatican-300x300.jpg 300w, https:\/\/www.francescobongiorni.com\/wp-content\/uploads\/2024\/07\/vatican-100x100.jpg 100w, https:\/\/www.francescobongiorni.com\/wp-content\/uploads\/2024\/07\/vatican-150x150.jpg 150w\" sizes=\"(max-width: 388px) 100vw, 388px\" \/>\t\t\t\t\t\t\t\t\t\t\t\t\t\t\t<\/div>\n\t\t\t\t<\/div>\n\t\t\t\t<\/div>\n\t\t\t\t<\/div>\n\t\t<div class=\"elementor-element elementor-element-4245c1c e-con-full e-flex elementor-invisible e-con e-child\" data-id=\"4245c1c\" data-element_type=\"container\" data-settings=\"{&quot;animation&quot;:&quot;fadeIn&quot;,&quot;animation_delay&quot;:400,&quot;jet_parallax_layout_list&quot;:[]}\">\n\t\t<div class=\"elementor-element elementor-element-d1af9c6 e-con-full e-flex elementor-invisible e-con e-child\" data-id=\"d1af9c6\" data-element_type=\"container\" data-settings=\"{&quot;jet_parallax_layout_list&quot;:[],&quot;animation&quot;:&quot;fadeInLeft&quot;}\">\n\t\t\t\t<div class=\"elementor-element elementor-element-a866707 de_scroll_animation_no elementor-widget elementor-widget-image\" data-id=\"a866707\" data-element_type=\"widget\" data-widget_type=\"image.default\">\n\t\t\t\t<div class=\"elementor-widget-container\">\n\t\t\t\t\t\t\t\t\t\t\t\t\t\t\t<img loading=\"lazy\" decoding=\"async\" width=\"388\" height=\"388\" src=\"https:\/\/www.francescobongiorni.com\/wp-content\/uploads\/2024\/07\/san-marino-alpine.jpg\" class=\"attachment-large size-large wp-image-2072\" alt=\"\" srcset=\"https:\/\/www.francescobongiorni.com\/wp-content\/uploads\/2024\/07\/san-marino-alpine.jpg 388w, https:\/\/www.francescobongiorni.com\/wp-content\/uploads\/2024\/07\/san-marino-alpine-300x300.jpg 300w, https:\/\/www.francescobongiorni.com\/wp-content\/uploads\/2024\/07\/san-marino-alpine-100x100.jpg 100w, https:\/\/www.francescobongiorni.com\/wp-content\/uploads\/2024\/07\/san-marino-alpine-150x150.jpg 150w\" sizes=\"(max-width: 388px) 100vw, 388px\" \/>\t\t\t\t\t\t\t\t\t\t\t\t\t\t\t<\/div>\n\t\t\t\t<\/div>\n\t\t\t\t<\/div>\n\t\t<div class=\"elementor-element elementor-element-5133aa5 e-con-full e-flex elementor-invisible e-con e-child\" data-id=\"5133aa5\" data-element_type=\"container\" data-settings=\"{&quot;jet_parallax_layout_list&quot;:[],&quot;animation&quot;:&quot;fadeInRight&quot;}\">\n\t\t\t\t<div class=\"elementor-element elementor-element-5d47c04 elementor-widget__width-auto de_scroll_animation_no elementor-widget elementor-widget-text-editor\" data-id=\"5d47c04\" data-element_type=\"widget\" data-widget_type=\"text-editor.default\">\n\t\t\t\t<div class=\"elementor-widget-container\">\n\t\t\t\t\t\t\t\t\t<p>2019<\/p>\t\t\t\t\t\t\t\t<\/div>\n\t\t\t\t<\/div>\n\t\t\t\t<div class=\"elementor-element elementor-element-959aebc de_scroll_animation_no elementor-widget elementor-widget-heading\" data-id=\"959aebc\" data-element_type=\"widget\" data-widget_type=\"heading.default\">\n\t\t\t\t<div class=\"elementor-widget-container\">\n\t\t\t\t\t<h3 class=\"elementor-heading-title elementor-size-default\">En 2019 se crea una serie de ilustraciones para una serie de sellos de San Marino en la que se celebra el Centenario de la &#034;Associazione Nazionale Alpinos&#034;: el Nacional Alpino de la Asociaci\u00f3n.<\/h3>\t\t\t\t<\/div>\n\t\t\t\t<\/div>\n\t\t\t\t<\/div>\n\t\t\t\t<\/div>\n\t\t\t\t<\/div>\n\t\t<div class=\"elementor-element elementor-element-e13fbb3 e-con-full e-flex e-con e-child\" data-id=\"e13fbb3\" data-element_type=\"container\" data-settings=\"{&quot;jet_parallax_layout_list&quot;:[]}\">\n\t\t<div class=\"elementor-element elementor-element-495bf88 e-con-full e-flex elementor-invisible e-con e-child\" data-id=\"495bf88\" data-element_type=\"container\" data-settings=\"{&quot;animation&quot;:&quot;fadeIn&quot;,&quot;animation_delay&quot;:600,&quot;jet_parallax_layout_list&quot;:[]}\">\n\t\t\t\t<div class=\"elementor-element elementor-element-ad8bce0 de_scroll_animation_no elementor-widget elementor-widget-image\" data-id=\"ad8bce0\" data-element_type=\"widget\" data-widget_type=\"image.default\">\n\t\t\t\t<div class=\"elementor-widget-container\">\n\t\t\t\t\t\t\t\t\t\t\t\t\t\t\t<img decoding=\"async\" width=\"388\" height=\"388\" src=\"https:\/\/www.francescobongiorni.com\/wp-content\/uploads\/2024\/07\/san-marino.jpg\" class=\"attachment-large size-large wp-image-216\" alt=\"\" srcset=\"https:\/\/www.francescobongiorni.com\/wp-content\/uploads\/2024\/07\/san-marino.jpg 388w, https:\/\/www.francescobongiorni.com\/wp-content\/uploads\/2024\/07\/san-marino-300x300.jpg 300w, https:\/\/www.francescobongiorni.com\/wp-content\/uploads\/2024\/07\/san-marino-100x100.jpg 100w, https:\/\/www.francescobongiorni.com\/wp-content\/uploads\/2024\/07\/san-marino-150x150.jpg 150w\" sizes=\"(max-width: 388px) 100vw, 388px\" \/>\t\t\t\t\t\t\t\t\t\t\t\t\t\t\t<\/div>\n\t\t\t\t<\/div>\n\t\t\t\t<div class=\"elementor-element elementor-element-223d138 de_scroll_animation_no elementor-widget elementor-widget-heading\" data-id=\"223d138\" data-element_type=\"widget\" data-widget_type=\"heading.default\">\n\t\t\t\t<div class=\"elementor-widget-container\">\n\t\t\t\t\t<h3 class=\"elementor-heading-title elementor-size-default\">2016<\/h3>\t\t\t\t<\/div>\n\t\t\t\t<\/div>\n\t\t\t\t<div class=\"elementor-element elementor-element-4ef6e38 de_scroll_animation_no elementor-widget elementor-widget-text-editor\" data-id=\"4ef6e38\" data-element_type=\"widget\" data-widget_type=\"text-editor.default\">\n\t\t\t\t<div class=\"elementor-widget-container\">\n\t\t\t\t\t\t\t\t\t<p>En 2016, Francesco da cuenta de tres ilustraciones para la Navidad de la serie de sellos de San Marino en el tema de la hospitalidad.<\/p>\t\t\t\t\t\t\t\t<\/div>\n\t\t\t\t<\/div>\n\t\t\t\t<div class=\"elementor-element elementor-element-a7d2606 de_scroll_animation_no elementor-widget elementor-widget-button\" data-id=\"a7d2606\" data-element_type=\"widget\" data-widget_type=\"button.default\">\n\t\t\t\t<div class=\"elementor-widget-container\">\n\t\t\t\t\t\t\t\t\t<div class=\"elementor-button-wrapper\">\n\t\t\t\t\t<a class=\"elementor-button elementor-button-link elementor-size-sm\" href=\"https:\/\/www.francescobongiorni.com\/es\/contact\/\">\n\t\t\t\t\t\t<span class=\"elementor-button-content-wrapper\">\n\t\t\t\t\t\t<span class=\"elementor-button-icon\">\n\t\t\t\t<i aria-hidden=\"true\" class=\"icon icon-right-arrow\"><\/i>\t\t\t<\/span>\n\t\t\t\t\t\t\t\t\t<span class=\"elementor-button-text\">Contacto<\/span>\n\t\t\t\t\t<\/span>\n\t\t\t\t\t<\/a>\n\t\t\t\t<\/div>\n\t\t\t\t\t\t\t\t<\/div>\n\t\t\t\t<\/div>\n\t\t\t\t<\/div>\n\t\t<div class=\"elementor-element elementor-element-998cf1a e-con-full e-flex elementor-invisible e-con e-child\" data-id=\"998cf1a\" data-element_type=\"container\" data-settings=\"{&quot;animation&quot;:&quot;fadeIn&quot;,&quot;animation_delay&quot;:700,&quot;jet_parallax_layout_list&quot;:[]}\">\n\t\t\t\t<div class=\"elementor-element elementor-element-da90c08 de_scroll_animation_no elementor-widget elementor-widget-image\" data-id=\"da90c08\" data-element_type=\"widget\" data-widget_type=\"image.default\">\n\t\t\t\t<div class=\"elementor-widget-container\">\n\t\t\t\t\t\t\t\t\t\t\t\t\t\t\t<img decoding=\"async\" width=\"388\" height=\"388\" src=\"https:\/\/www.francescobongiorni.com\/wp-content\/uploads\/2024\/07\/vatican.jpg\" class=\"attachment-large size-large wp-image-2070\" alt=\"\" srcset=\"https:\/\/www.francescobongiorni.com\/wp-content\/uploads\/2024\/07\/vatican.jpg 388w, https:\/\/www.francescobongiorni.com\/wp-content\/uploads\/2024\/07\/vatican-300x300.jpg 300w, https:\/\/www.francescobongiorni.com\/wp-content\/uploads\/2024\/07\/vatican-100x100.jpg 100w, https:\/\/www.francescobongiorni.com\/wp-content\/uploads\/2024\/07\/vatican-150x150.jpg 150w\" sizes=\"(max-width: 388px) 100vw, 388px\" \/>\t\t\t\t\t\t\t\t\t\t\t\t\t\t\t<\/div>\n\t\t\t\t<\/div>\n\t\t\t\t<div class=\"elementor-element elementor-element-465fe40 de_scroll_animation_no elementor-widget elementor-widget-heading\" data-id=\"465fe40\" data-element_type=\"widget\" data-widget_type=\"heading.default\">\n\t\t\t\t<div class=\"elementor-widget-container\">\n\t\t\t\t\t<h3 class=\"elementor-heading-title elementor-size-default\">2017<\/h3>\t\t\t\t<\/div>\n\t\t\t\t<\/div>\n\t\t\t\t<div class=\"elementor-element elementor-element-375b0b5 de_scroll_animation_no elementor-widget elementor-widget-text-editor\" data-id=\"375b0b5\" data-element_type=\"widget\" data-widget_type=\"text-editor.default\">\n\t\t\t\t<div class=\"elementor-widget-container\">\n\t\t\t\t\t\t\t\t\t<p>En 2017, \u00e9l trabaja en una serie de postales y sellos para el Vaticano, sobre el tema del a\u00f1o del turismo sostenible.<\/p>\t\t\t\t\t\t\t\t<\/div>\n\t\t\t\t<\/div>\n\t\t\t\t<div class=\"elementor-element elementor-element-f268970 de_scroll_animation_no elementor-widget elementor-widget-button\" data-id=\"f268970\" data-element_type=\"widget\" data-widget_type=\"button.default\">\n\t\t\t\t<div class=\"elementor-widget-container\">\n\t\t\t\t\t\t\t\t\t<div class=\"elementor-button-wrapper\">\n\t\t\t\t\t<a class=\"elementor-button elementor-button-link elementor-size-sm\" href=\"https:\/\/www.francescobongiorni.com\/es\/contact\/\">\n\t\t\t\t\t\t<span class=\"elementor-button-content-wrapper\">\n\t\t\t\t\t\t<span class=\"elementor-button-icon\">\n\t\t\t\t<i aria-hidden=\"true\" class=\"icon icon-right-arrow\"><\/i>\t\t\t<\/span>\n\t\t\t\t\t\t\t\t\t<span class=\"elementor-button-text\">Contacto<\/span>\n\t\t\t\t\t<\/span>\n\t\t\t\t\t<\/a>\n\t\t\t\t<\/div>\n\t\t\t\t\t\t\t\t<\/div>\n\t\t\t\t<\/div>\n\t\t\t\t<\/div>\n\t\t<div class=\"elementor-element elementor-element-e7f6704 e-con-full e-flex elementor-invisible e-con e-child\" data-id=\"e7f6704\" data-element_type=\"container\" data-settings=\"{&quot;animation&quot;:&quot;fadeIn&quot;,&quot;animation_delay&quot;:800,&quot;jet_parallax_layout_list&quot;:[]}\">\n\t\t\t\t<div class=\"elementor-element elementor-element-42db00a de_scroll_animation_no elementor-widget elementor-widget-image\" data-id=\"42db00a\" data-element_type=\"widget\" data-widget_type=\"image.default\">\n\t\t\t\t<div class=\"elementor-widget-container\">\n\t\t\t\t\t\t\t\t\t\t\t\t\t\t\t<img loading=\"lazy\" decoding=\"async\" width=\"388\" height=\"388\" src=\"https:\/\/www.francescobongiorni.com\/wp-content\/uploads\/2024\/07\/san-marino-alpine.jpg\" class=\"attachment-large size-large wp-image-2072\" alt=\"\" srcset=\"https:\/\/www.francescobongiorni.com\/wp-content\/uploads\/2024\/07\/san-marino-alpine.jpg 388w, https:\/\/www.francescobongiorni.com\/wp-content\/uploads\/2024\/07\/san-marino-alpine-300x300.jpg 300w, https:\/\/www.francescobongiorni.com\/wp-content\/uploads\/2024\/07\/san-marino-alpine-100x100.jpg 100w, https:\/\/www.francescobongiorni.com\/wp-content\/uploads\/2024\/07\/san-marino-alpine-150x150.jpg 150w\" sizes=\"(max-width: 388px) 100vw, 388px\" \/>\t\t\t\t\t\t\t\t\t\t\t\t\t\t\t<\/div>\n\t\t\t\t<\/div>\n\t\t\t\t<div class=\"elementor-element elementor-element-e896ba9 de_scroll_animation_no elementor-widget elementor-widget-heading\" data-id=\"e896ba9\" data-element_type=\"widget\" data-widget_type=\"heading.default\">\n\t\t\t\t<div class=\"elementor-widget-container\">\n\t\t\t\t\t<h3 class=\"elementor-heading-title elementor-size-default\">2019<\/h3>\t\t\t\t<\/div>\n\t\t\t\t<\/div>\n\t\t\t\t<div class=\"elementor-element elementor-element-443647d de_scroll_animation_no elementor-widget elementor-widget-text-editor\" data-id=\"443647d\" data-element_type=\"widget\" data-widget_type=\"text-editor.default\">\n\t\t\t\t<div class=\"elementor-widget-container\">\n\t\t\t\t\t\t\t\t\t<p>En 2019 se crea una serie de ilustraciones para una serie de sellos de San Marino en la que se celebra el Centenario de la &#034;Associazione Nazionale Alpinos&#034;: el Nacional Alpino de la Asociaci\u00f3n.<\/p>\t\t\t\t\t\t\t\t<\/div>\n\t\t\t\t<\/div>\n\t\t\t\t<div class=\"elementor-element elementor-element-4ba62c1 de_scroll_animation_no elementor-widget elementor-widget-button\" data-id=\"4ba62c1\" data-element_type=\"widget\" data-widget_type=\"button.default\">\n\t\t\t\t<div class=\"elementor-widget-container\">\n\t\t\t\t\t\t\t\t\t<div class=\"elementor-button-wrapper\">\n\t\t\t\t\t<a class=\"elementor-button elementor-button-link elementor-size-sm\" href=\"https:\/\/www.francescobongiorni.com\/es\/contact\/\">\n\t\t\t\t\t\t<span class=\"elementor-button-content-wrapper\">\n\t\t\t\t\t\t<span class=\"elementor-button-icon\">\n\t\t\t\t<i aria-hidden=\"true\" class=\"icon icon-right-arrow\"><\/i>\t\t\t<\/span>\n\t\t\t\t\t\t\t\t\t<span class=\"elementor-button-text\">Contacto<\/span>\n\t\t\t\t\t<\/span>\n\t\t\t\t\t<\/a>\n\t\t\t\t<\/div>\n\t\t\t\t\t\t\t\t<\/div>\n\t\t\t\t<\/div>\n\t\t\t\t<\/div>\n\t\t\t\t<\/div>\n\t\t\t\t\t<\/div>\n\t\t\t\t<\/div>\n\t\t<div class=\"elementor-element elementor-element-f382cf0 elementor-hidden-desktop elementor-hidden-tablet elementor-hidden-mobile e-flex e-con-boxed e-con e-parent\" data-id=\"f382cf0\" data-element_type=\"container\" data-settings=\"{&quot;background_background&quot;:&quot;classic&quot;,&quot;jet_parallax_layout_list&quot;:[]}\">\n\t\t\t\t\t<div class=\"e-con-inner\">\n\t\t<div class=\"elementor-element elementor-element-a436cb5 e-con-full animated-slow e-flex elementor-invisible e-con e-child\" data-id=\"a436cb5\" data-element_type=\"container\" data-settings=\"{&quot;jet_parallax_layout_list&quot;:[],&quot;animation&quot;:&quot;fadeIn&quot;}\">\n\t\t\t\t<div class=\"elementor-element elementor-element-84c28df de_scroll_animation_no elementor-invisible elementor-widget elementor-widget-heading\" data-id=\"84c28df\" data-element_type=\"widget\" data-settings=\"{&quot;_animation&quot;:&quot;fadeIn&quot;,&quot;_animation_delay&quot;:200}\" data-widget_type=\"heading.default\">\n\t\t\t\t<div class=\"elementor-widget-container\">\n\t\t\t\t\t<h2 class=\"elementor-heading-title elementor-size-default\">PREMIOS<\/h2>\t\t\t\t<\/div>\n\t\t\t\t<\/div>\n\t\t\t\t<div class=\"elementor-element elementor-element-c02d879 elementor-hidden-desktop elementor-hidden-tablet elementor-hidden-mobile de_scroll_animation_no elementor-invisible elementor-widget elementor-widget-text-editor\" data-id=\"c02d879\" data-element_type=\"widget\" data-settings=\"{&quot;_animation&quot;:&quot;fadeIn&quot;,&quot;_animation_delay&quot;:400}\" data-widget_type=\"text-editor.default\">\n\t\t\t\t<div class=\"elementor-widget-container\">\n\t\t\t\t\t\t\t\t\t<ul><li>APIMA Premios a la mejor publicidad ganador de 2019<\/li><li>APIMA Premios a la mejor portada del libro ganador, 2019<\/li><li>Autori di Immagini Ganador de los Premios de 2019<\/li><li>La sociedad de Ilustradores de Nueva York, obra seleccionada, SOI 61, 2019<\/li><li>La sociedad de Ilustradores de Nueva York, MEDALLA de PLATA, SOI 60, 2018<\/li><li>Premio Illustri Ganador De Los Premios De 2018<\/li><li>Artes De La Comunicaci\u00f3n De La Ilustraci\u00f3n Anual De 59 Ganador De 2018<\/li><li>Creativo Trimestral CQ29 y CQ34 Ganador<\/li><li>Artes De La Comunicaci\u00f3n De La Ilustraci\u00f3n Anual 58, 2017<\/li><li>La sociedad de Ilustradores de Nueva York obras seleccionadas, SOI 58, 2016<\/li><li>American Ilustraci\u00f3n AIAP 34 Ganador, 2015<\/li><li>La sociedad de Ilustradores de Nueva York, obra seleccionada, SOI 57, 2015<\/li><li>Am\u00e9rica Latina Ilustraci\u00f3n 4 Ganador De Los Premios, 2015<\/li><li>3\u00d73 muestra Internacional N\u00ba 11, el M\u00e9rito y la Menci\u00f3n de honor, 2014<\/li><li>Altpick Miembros Reconocidos por la Excelencia Ganador, 2014<\/li><li>Nuevo Artista Visual de la IMPRESI\u00d3N de la Revista, 2011<\/li><li>Artes De La Comunicaci\u00f3n De La Ilustraci\u00f3n Anual 51, 2010<\/li><\/ul>\t\t\t\t\t\t\t\t<\/div>\n\t\t\t\t<\/div>\n\t\t\t\t<div class=\"elementor-element elementor-element-5176c63 de_scroll_animation_no elementor-invisible elementor-widget elementor-widget-text-editor\" data-id=\"5176c63\" data-element_type=\"widget\" data-settings=\"{&quot;_animation&quot;:&quot;fadeIn&quot;,&quot;_animation_delay&quot;:400}\" data-widget_type=\"text-editor.default\">\n\t\t\t\t<div class=\"elementor-widget-container\">\n\t\t\t\t\t\t\t\t\t<ul><li>Artes de la comunicaci\u00f3n de la Ilustraci\u00f3n Premio a la Excelencia Ganador, Anual 65, 2024<\/li><li>POPKA Premio por los Medios de comunicaci\u00f3n Clave, categor\u00eda ENVASES de ALIMENTOS y BEBIDAS, de 2023<\/li><li>Nacional de premios a la creatividad del Club de Creativos de Espa\u00f1a, la MEDALLA de ORO, 2021<\/li><li>Las ganancias diarias de PESO de los Premios Laus, MEDALLA de PLATA, 2021<\/li><li>Ilustro Fest ganador, 2020<\/li><li>Artes de la comunicaci\u00f3n de la Ilustraci\u00f3n Premio a la Excelencia Ganador, Anual 61, 2020<\/li><li>La sociedad de Ilustradores de Nueva York la MEDALLA de ORO, SOI 62, 2020<\/li><li>APIMA Premios a la mejor publicidad ganador de 2019<\/li><li>APIMA Premios a la mejor portada del libro ganador, 2019<\/li><li>Artes de la comunicaci\u00f3n de la Ilustraci\u00f3n Premio a la Excelencia Ganador, Anual 60, 2019<\/li><li>Autori di Immagini Ganador de los Premios de 2019<\/li><li>La sociedad de Ilustradores de Nueva York, obra seleccionada, SOI 61, 2019<\/li><li>La sociedad de Ilustradores de Nueva York, MEDALLA de PLATA, SOI 60, 2018<\/li><li>Premio Illustri Ganador de los Premios, Libro ganador de la categor\u00eda de 2018<\/li><li>Artes De La Comunicaci\u00f3n De La Ilustraci\u00f3n Anual De 59 Ganador De 2018<\/li><li>Creativo Trimestral CQ29 y CQ34 ganador<\/li><li>Artes De La Comunicaci\u00f3n De La Ilustraci\u00f3n Anual Ganador, Anual 58, 2017<\/li><li>La sociedad de Ilustradores de Nueva York obras seleccionadas, SOI 58, 2016<\/li><li>American Ilustraci\u00f3n AIAP 34 Ganador, 2015<\/li><li>La sociedad de Ilustradores de Nueva York, obra seleccionada, SOI 57, 2015<\/li><li>Am\u00e9rica Latina Ilustraci\u00f3n 4 Ganador De Los Premios, 2015<\/li><li>3\u00d73 muestra Internacional N\u00ba 11, el M\u00e9rito y la Menci\u00f3n de honor, 2014<\/li><li>Altpick Miembros Reconocidos por la Excelencia Ganador, 2014<\/li><li>Nuevo Artista Visual de la IMPRESI\u00d3N de la Revista, 2011<\/li><li>Artes De La Comunicaci\u00f3n De La Ilustraci\u00f3n Ganador, Anual 51, 2010<\/li><\/ul>\t\t\t\t\t\t\t\t<\/div>\n\t\t\t\t<\/div>\n\t\t\t\t<\/div>\n\t\t<div class=\"elementor-element elementor-element-ac8c998 e-con-full e-flex e-con e-child\" data-id=\"ac8c998\" data-element_type=\"container\" data-settings=\"{&quot;background_background&quot;:&quot;classic&quot;,&quot;jet_parallax_layout_list&quot;:[]}\">\n\t\t\t\t<div class=\"elementor-element elementor-element-5379a79 de_scroll_animation_no elementor-invisible elementor-widget elementor-widget-image\" data-id=\"5379a79\" data-element_type=\"widget\" data-settings=\"{&quot;motion_fx_motion_fx_scrolling&quot;:&quot;yes&quot;,&quot;motion_fx_translateY_effect&quot;:&quot;yes&quot;,&quot;motion_fx_translateY_direction&quot;:&quot;negative&quot;,&quot;motion_fx_translateY_affectedRange&quot;:{&quot;unit&quot;:&quot;%&quot;,&quot;size&quot;:&quot;&quot;,&quot;sizes&quot;:{&quot;start&quot;:55,&quot;end&quot;:100}},&quot;_animation&quot;:&quot;fadeInUp&quot;,&quot;motion_fx_devices&quot;:[&quot;desktop&quot;],&quot;motion_fx_translateY_speed&quot;:{&quot;unit&quot;:&quot;px&quot;,&quot;size&quot;:4,&quot;sizes&quot;:[]}}\" data-widget_type=\"image.default\">\n\t\t\t\t<div class=\"elementor-widget-container\">\n\t\t\t\t\t\t\t\t\t\t\t\t\t\t\t<img loading=\"lazy\" decoding=\"async\" width=\"800\" height=\"578\" src=\"https:\/\/www.francescobongiorni.com\/wp-content\/uploads\/2024\/09\/Unplugging-on-Vacation-WEB-1024x740.jpg\" class=\"attachment-large size-large wp-image-3299\" alt=\"\" srcset=\"https:\/\/www.francescobongiorni.com\/wp-content\/uploads\/2024\/09\/Unplugging-on-Vacation-WEB-1024x740.jpg 1024w, https:\/\/www.francescobongiorni.com\/wp-content\/uploads\/2024\/09\/Unplugging-on-Vacation-WEB-600x434.jpg 600w, https:\/\/www.francescobongiorni.com\/wp-content\/uploads\/2024\/09\/Unplugging-on-Vacation-WEB-300x217.jpg 300w, https:\/\/www.francescobongiorni.com\/wp-content\/uploads\/2024\/09\/Unplugging-on-Vacation-WEB-768x555.jpg 768w, https:\/\/www.francescobongiorni.com\/wp-content\/uploads\/2024\/09\/Unplugging-on-Vacation-WEB.jpg 1200w\" sizes=\"(max-width: 800px) 100vw, 800px\" \/>\t\t\t\t\t\t\t\t\t\t\t\t\t\t\t<\/div>\n\t\t\t\t<\/div>\n\t\t\t\t<div class=\"elementor-element elementor-element-c1059a8 de_scroll_animation_no elementor-invisible elementor-widget elementor-widget-image\" data-id=\"c1059a8\" data-element_type=\"widget\" data-settings=\"{&quot;motion_fx_motion_fx_scrolling&quot;:&quot;yes&quot;,&quot;motion_fx_translateY_effect&quot;:&quot;yes&quot;,&quot;_animation&quot;:&quot;fadeInLeft&quot;,&quot;motion_fx_devices&quot;:[&quot;desktop&quot;],&quot;motion_fx_translateY_speed&quot;:{&quot;unit&quot;:&quot;px&quot;,&quot;size&quot;:4,&quot;sizes&quot;:[]},&quot;motion_fx_translateY_affectedRange&quot;:{&quot;unit&quot;:&quot;%&quot;,&quot;size&quot;:&quot;&quot;,&quot;sizes&quot;:{&quot;start&quot;:0,&quot;end&quot;:100}}}\" data-widget_type=\"image.default\">\n\t\t\t\t<div class=\"elementor-widget-container\">\n\t\t\t\t\t\t\t\t\t\t\t\t\t\t\t<img decoding=\"async\" src=\"https:\/\/www.francescobongiorni.com\/wp-content\/uploads\/2024\/09\/illustrator_travel_conceptual_bongiorni_aragon_paradores_bielsa_ilustrador.jpg\" title=\"illustrator_travel_conceptual_bongiorni_aragon_paradores_bielsa_ilustrador\" alt=\"illustrator_travel_conceptual_bongiorni_aragon_paradores_bielsa_ilustrador\" loading=\"lazy\" \/>\t\t\t\t\t\t\t\t\t\t\t\t\t\t\t<\/div>\n\t\t\t\t<\/div>\n\t\t\t\t<div class=\"elementor-element elementor-element-f71c92c de_scroll_animation_no elementor-invisible elementor-widget elementor-widget-image\" data-id=\"f71c92c\" data-element_type=\"widget\" data-settings=\"{&quot;motion_fx_motion_fx_scrolling&quot;:&quot;yes&quot;,&quot;motion_fx_translateY_effect&quot;:&quot;yes&quot;,&quot;_animation&quot;:&quot;fadeInRight&quot;,&quot;motion_fx_devices&quot;:[&quot;desktop&quot;],&quot;motion_fx_translateY_speed&quot;:{&quot;unit&quot;:&quot;px&quot;,&quot;size&quot;:4,&quot;sizes&quot;:[]},&quot;motion_fx_translateY_affectedRange&quot;:{&quot;unit&quot;:&quot;%&quot;,&quot;size&quot;:&quot;&quot;,&quot;sizes&quot;:{&quot;start&quot;:0,&quot;end&quot;:100}}}\" data-widget_type=\"image.default\">\n\t\t\t\t<div class=\"elementor-widget-container\">\n\t\t\t\t\t\t\t\t\t\t\t\t\t\t\t<img loading=\"lazy\" decoding=\"async\" width=\"800\" height=\"600\" src=\"https:\/\/www.francescobongiorni.com\/wp-content\/uploads\/2024\/09\/doctors-without-francesco-bongiorni-illustrator-travel-conceptual-borders-medici-senza-frontiere-1024x768.jpg\" class=\"attachment-large size-large wp-image-3301\" alt=\"\" srcset=\"https:\/\/www.francescobongiorni.com\/wp-content\/uploads\/2024\/09\/doctors-without-francesco-bongiorni-illustrator-travel-conceptual-borders-medici-senza-frontiere-1024x768.jpg 1024w, https:\/\/www.francescobongiorni.com\/wp-content\/uploads\/2024\/09\/doctors-without-francesco-bongiorni-illustrator-travel-conceptual-borders-medici-senza-frontiere-600x450.jpg 600w, https:\/\/www.francescobongiorni.com\/wp-content\/uploads\/2024\/09\/doctors-without-francesco-bongiorni-illustrator-travel-conceptual-borders-medici-senza-frontiere-300x225.jpg 300w, https:\/\/www.francescobongiorni.com\/wp-content\/uploads\/2024\/09\/doctors-without-francesco-bongiorni-illustrator-travel-conceptual-borders-medici-senza-frontiere-768x576.jpg 768w, https:\/\/www.francescobongiorni.com\/wp-content\/uploads\/2024\/09\/doctors-without-francesco-bongiorni-illustrator-travel-conceptual-borders-medici-senza-frontiere-1536x1152.jpg 1536w, https:\/\/www.francescobongiorni.com\/wp-content\/uploads\/2024\/09\/doctors-without-francesco-bongiorni-illustrator-travel-conceptual-borders-medici-senza-frontiere.jpg 1600w\" sizes=\"(max-width: 800px) 100vw, 800px\" \/>\t\t\t\t\t\t\t\t\t\t\t\t\t\t\t<\/div>\n\t\t\t\t<\/div>\n\t\t\t\t<\/div>\n\t\t\t\t\t<\/div>\n\t\t\t\t<\/div>\n\t\t<div class=\"elementor-element elementor-element-9b272ed e-flex e-con-boxed e-con e-parent\" data-id=\"9b272ed\" data-element_type=\"container\" data-settings=\"{&quot;background_background&quot;:&quot;classic&quot;,&quot;jet_parallax_layout_list&quot;:[]}\">\n\t\t\t\t\t<div class=\"e-con-inner\">\n\t\t<div class=\"elementor-element elementor-element-ac15d7d e-con-full animated-slow e-flex elementor-invisible e-con e-child\" data-id=\"ac15d7d\" data-element_type=\"container\" data-settings=\"{&quot;jet_parallax_layout_list&quot;:[],&quot;animation&quot;:&quot;fadeIn&quot;}\">\n\t\t\t\t<div class=\"elementor-element elementor-element-52a558c de_scroll_animation_no elementor-invisible elementor-widget elementor-widget-heading\" data-id=\"52a558c\" data-element_type=\"widget\" data-settings=\"{&quot;_animation&quot;:&quot;fadeIn&quot;,&quot;_animation_delay&quot;:200}\" data-widget_type=\"heading.default\">\n\t\t\t\t<div class=\"elementor-widget-container\">\n\t\t\t\t\t<h2 class=\"elementor-heading-title elementor-size-default\">PREMIOS<\/h2>\t\t\t\t<\/div>\n\t\t\t\t<\/div>\n\t\t\t\t<div class=\"elementor-element elementor-element-d52cb25 elementor-hidden-desktop elementor-hidden-tablet elementor-hidden-mobile de_scroll_animation_no elementor-invisible elementor-widget elementor-widget-text-editor\" data-id=\"d52cb25\" data-element_type=\"widget\" data-settings=\"{&quot;_animation&quot;:&quot;fadeIn&quot;,&quot;_animation_delay&quot;:400}\" data-widget_type=\"text-editor.default\">\n\t\t\t\t<div class=\"elementor-widget-container\">\n\t\t\t\t\t\t\t\t\t<ul><li>APIMA Premios a la mejor publicidad ganador de 2019<\/li><li>APIMA Premios a la mejor portada del libro ganador, 2019<\/li><li>Autori di Immagini Ganador de los Premios de 2019<\/li><li>La sociedad de Ilustradores de Nueva York, obra seleccionada, SOI 61, 2019<\/li><li>La sociedad de Ilustradores de Nueva York, MEDALLA de PLATA, SOI 60, 2018<\/li><li>Premio Illustri Ganador De Los Premios De 2018<\/li><li>Artes De La Comunicaci\u00f3n De La Ilustraci\u00f3n Anual De 59 Ganador De 2018<\/li><li>Creativo Trimestral CQ29 y CQ34 Ganador<\/li><li>Artes De La Comunicaci\u00f3n De La Ilustraci\u00f3n Anual 58, 2017<\/li><li>La sociedad de Ilustradores de Nueva York obras seleccionadas, SOI 58, 2016<\/li><li>American Ilustraci\u00f3n AIAP 34 Ganador, 2015<\/li><li>La sociedad de Ilustradores de Nueva York, obra seleccionada, SOI 57, 2015<\/li><li>Am\u00e9rica Latina Ilustraci\u00f3n 4 Ganador De Los Premios, 2015<\/li><li>3\u00d73 muestra Internacional N\u00ba 11, el M\u00e9rito y la Menci\u00f3n de honor, 2014<\/li><li>Altpick Miembros Reconocidos por la Excelencia Ganador, 2014<\/li><li>Nuevo Artista Visual de la IMPRESI\u00d3N de la Revista, 2011<\/li><li>Artes De La Comunicaci\u00f3n De La Ilustraci\u00f3n Anual 51, 2010<\/li><\/ul>\t\t\t\t\t\t\t\t<\/div>\n\t\t\t\t<\/div>\n\t\t\t\t<div class=\"elementor-element elementor-element-9a285c3 de_scroll_animation_no elementor-invisible elementor-widget elementor-widget-text-editor\" data-id=\"9a285c3\" data-element_type=\"widget\" data-settings=\"{&quot;_animation&quot;:&quot;fadeIn&quot;,&quot;_animation_delay&quot;:400}\" data-widget_type=\"text-editor.default\">\n\t\t\t\t<div class=\"elementor-widget-container\">\n\t\t\t\t\t\t\t\t\t<ul><li>Artes de la comunicaci\u00f3n de la Ilustraci\u00f3n Premio a la Excelencia Ganador, Anual 65, 2024<\/li><li>POPKA Premio por los Medios de comunicaci\u00f3n Clave, categor\u00eda ENVASES de ALIMENTOS y BEBIDAS, de 2023<\/li><li>Nacional de premios a la creatividad del Club de Creativos de Espa\u00f1a, la MEDALLA de ORO, 2021<\/li><li>Las ganancias diarias de PESO de los Premios Laus, MEDALLA de PLATA, 2021<\/li><li>Ilustro Fest ganador, 2020<\/li><li>Artes de la comunicaci\u00f3n de la Ilustraci\u00f3n Premio a la Excelencia Ganador, Anual 61, 2020<\/li><li>La sociedad de Ilustradores de Nueva York la MEDALLA de ORO, SOI 62, 2020<\/li><li>APIMA Premios a la mejor publicidad ganador de 2019<\/li><li>APIMA Premios a la mejor portada del libro ganador, 2019<\/li><li>Artes de la comunicaci\u00f3n de la Ilustraci\u00f3n Premio a la Excelencia Ganador, Anual 60, 2019<\/li><li>Autori di Immagini Ganador de los Premios de 2019<\/li><li>La sociedad de Ilustradores de Nueva York, obra seleccionada, SOI 61, 2019<\/li><li>La sociedad de Ilustradores de Nueva York, MEDALLA de PLATA, SOI 60, 2018<\/li><li>Premio Illustri Ganador de los Premios, Libro ganador de la categor\u00eda de 2018<\/li><li>Artes De La Comunicaci\u00f3n De La Ilustraci\u00f3n Anual De 59 Ganador De 2018<\/li><li>Creativo Trimestral CQ29 y CQ34 ganador<\/li><li>Artes De La Comunicaci\u00f3n De La Ilustraci\u00f3n Anual Ganador, Anual 58, 2017<\/li><li>La sociedad de Ilustradores de Nueva York obras seleccionadas, SOI 58, 2016<\/li><li>American Ilustraci\u00f3n AIAP 34 Ganador, 2015<\/li><li>La sociedad de Ilustradores de Nueva York, obra seleccionada, SOI 57, 2015<\/li><li>Am\u00e9rica Latina Ilustraci\u00f3n 4 Ganador De Los Premios, 2015<\/li><li>3\u00d73 muestra Internacional N\u00ba 11, el M\u00e9rito y la Menci\u00f3n de honor, 2014<\/li><li>Altpick Miembros Reconocidos por la Excelencia Ganador, 2014<\/li><li>Nuevo Artista Visual de la IMPRESI\u00d3N de la Revista, 2011<\/li><li>Artes De La Comunicaci\u00f3n De La Ilustraci\u00f3n Ganador, Anual 51, 2010<\/li><\/ul>\t\t\t\t\t\t\t\t<\/div>\n\t\t\t\t<\/div>\n\t\t\t\t<\/div>\n\t\t<div class=\"elementor-element elementor-element-d633c73 e-con-full e-flex e-con e-child\" data-id=\"d633c73\" data-element_type=\"container\" data-settings=\"{&quot;background_background&quot;:&quot;classic&quot;,&quot;jet_parallax_layout_list&quot;:[]}\">\n\t\t\t\t<div class=\"elementor-element elementor-element-5e69722 de_scroll_animation_no elementor-invisible elementor-widget elementor-widget-image\" data-id=\"5e69722\" data-element_type=\"widget\" data-settings=\"{&quot;motion_fx_motion_fx_scrolling&quot;:&quot;yes&quot;,&quot;motion_fx_translateY_effect&quot;:&quot;yes&quot;,&quot;motion_fx_translateY_direction&quot;:&quot;negative&quot;,&quot;motion_fx_translateY_affectedRange&quot;:{&quot;unit&quot;:&quot;%&quot;,&quot;size&quot;:&quot;&quot;,&quot;sizes&quot;:{&quot;start&quot;:55,&quot;end&quot;:100}},&quot;_animation&quot;:&quot;fadeInUp&quot;,&quot;motion_fx_devices&quot;:[&quot;desktop&quot;],&quot;motion_fx_translateY_speed&quot;:{&quot;unit&quot;:&quot;px&quot;,&quot;size&quot;:4,&quot;sizes&quot;:[]}}\" data-widget_type=\"image.default\">\n\t\t\t\t<div class=\"elementor-widget-container\">\n\t\t\t\t\t\t\t\t\t\t\t\t\t\t\t<img loading=\"lazy\" decoding=\"async\" width=\"800\" height=\"578\" src=\"https:\/\/www.francescobongiorni.com\/wp-content\/uploads\/2024\/09\/Unplugging-on-Vacation-WEB-1024x740.jpg\" class=\"attachment-large size-large wp-image-3299\" alt=\"\" srcset=\"https:\/\/www.francescobongiorni.com\/wp-content\/uploads\/2024\/09\/Unplugging-on-Vacation-WEB-1024x740.jpg 1024w, https:\/\/www.francescobongiorni.com\/wp-content\/uploads\/2024\/09\/Unplugging-on-Vacation-WEB-600x434.jpg 600w, https:\/\/www.francescobongiorni.com\/wp-content\/uploads\/2024\/09\/Unplugging-on-Vacation-WEB-300x217.jpg 300w, https:\/\/www.francescobongiorni.com\/wp-content\/uploads\/2024\/09\/Unplugging-on-Vacation-WEB-768x555.jpg 768w, https:\/\/www.francescobongiorni.com\/wp-content\/uploads\/2024\/09\/Unplugging-on-Vacation-WEB.jpg 1200w\" sizes=\"(max-width: 800px) 100vw, 800px\" \/>\t\t\t\t\t\t\t\t\t\t\t\t\t\t\t<\/div>\n\t\t\t\t<\/div>\n\t\t\t\t<\/div>\n\t\t\t\t\t<\/div>\n\t\t\t\t<\/div>\n\t\t<div class=\"elementor-element elementor-element-4e185de e-flex e-con-boxed e-con e-parent\" data-id=\"4e185de\" data-element_type=\"container\" data-settings=\"{&quot;jet_parallax_layout_list&quot;:[],&quot;background_background&quot;:&quot;classic&quot;}\">\n\t\t\t\t\t<div class=\"e-con-inner\">\n\t\t<div class=\"elementor-element elementor-element-eedf8dd e-con-full e-flex e-con e-child\" data-id=\"eedf8dd\" data-element_type=\"container\" data-settings=\"{&quot;jet_parallax_layout_list&quot;:[]}\">\n\t\t<div class=\"elementor-element elementor-element-3592232 e-con-full e-flex e-con e-child\" data-id=\"3592232\" data-element_type=\"container\" data-settings=\"{&quot;jet_parallax_layout_list&quot;:[]}\">\n\t\t<div class=\"elementor-element elementor-element-c4257a3 e-con-full e-flex e-con e-child\" data-id=\"c4257a3\" data-element_type=\"container\" data-settings=\"{&quot;jet_parallax_layout_list&quot;:[]}\">\n\t\t\t\t<div class=\"elementor-element elementor-element-abdbd28 de_scroll_animation_no elementor-invisible elementor-widget elementor-widget-heading\" data-id=\"abdbd28\" data-element_type=\"widget\" data-settings=\"{&quot;_animation&quot;:&quot;fadeIn&quot;,&quot;_animation_delay&quot;:200}\" data-widget_type=\"heading.default\">\n\t\t\t\t<div class=\"elementor-widget-container\">\n\t\t\t\t\t<h2 class=\"elementor-heading-title elementor-size-default\">EXPOSICIONES<\/h2>\t\t\t\t<\/div>\n\t\t\t\t<\/div>\n\t\t\t\t<\/div>\n\t\t\t\t<\/div>\n\t\t<div class=\"elementor-element elementor-element-9eeda4d e-con-full elementor-hidden-desktop elementor-hidden-tablet elementor-hidden-mobile e-flex e-con e-child\" data-id=\"9eeda4d\" data-element_type=\"container\" data-settings=\"{&quot;jet_parallax_layout_list&quot;:[]}\">\n\t\t\t\t<div class=\"elementor-element elementor-element-1f86fe7 de_scroll_animation_no elementor-invisible elementor-widget elementor-widget-text-editor\" data-id=\"1f86fe7\" data-element_type=\"widget\" data-settings=\"{&quot;_animation&quot;:&quot;fadeIn&quot;,&quot;_animation_delay&quot;:400}\" data-widget_type=\"text-editor.default\">\n\t\t\t\t<div class=\"elementor-widget-container\">\n\t\t\t\t\t\t\t\t\t<ul><li>&#034;Italoamericana&#034;, Instituto italiano de cultura de Los \u00c1ngeles, L. A., estados UNIDOS, 2019<\/li><li>&#034;Idee en Fuga&#034;, la BASE, el Mil\u00e1n 2019<\/li><li>&#034;Illustri&#034;, Instituto italiano de cultura de Tokio, Jap\u00f3n 2018<\/li><li>&#034;Illustri3&#034;, Chi\u00f9 Festival, MAT Terlizzi, Italia 2018<\/li><li>El Festival Del &#034;Magari&#034;, Point Eph\u00e9m\u00e8re, Par\u00eds, Francia, 2018<\/li><li>&#034;Nefele Festival&#034;, Atenas, Grecia, 2016<\/li><\/ul>\t\t\t\t\t\t\t\t<\/div>\n\t\t\t\t<\/div>\n\t\t\t\t<div class=\"elementor-element elementor-element-fe04d57 de_scroll_animation_no elementor-invisible elementor-widget elementor-widget-text-editor\" data-id=\"fe04d57\" data-element_type=\"widget\" data-settings=\"{&quot;_animation&quot;:&quot;fadeIn&quot;,&quot;_animation_delay&quot;:400}\" data-widget_type=\"text-editor.default\">\n\t\t\t\t<div class=\"elementor-widget-container\">\n\t\t\t\t\t\t\t\t\t<ul><li>&#034;Saranno Illustri&#034;, Illustri Festival, Vicenza, Italia 2015<\/li><li>&#034;Gusto Robusto&#034;, Treviso Comic Book Festival, Treviso, Italia 2015<\/li><li>&#034;Il nuovo vocabolario della moda italiana&#034;, Triennale di Milano, Mil\u00e1n, Italia 2015<\/li><li>&#034;Italianism&#034;, Festival Al Aire Libre, Roma, Italia 2015<\/li><li>&#034;Bienvenido de nuevo a la Se\u00f1al de&#034; exposici\u00f3n individual en Franco Parenti Teatro, Mil\u00e1n, Italia 2012<\/li><\/ul>\t\t\t\t\t\t\t\t<\/div>\n\t\t\t\t<\/div>\n\t\t\t\t<\/div>\n\t\t<div class=\"elementor-element elementor-element-175ce1c e-con-full e-flex e-con e-child\" data-id=\"175ce1c\" data-element_type=\"container\" data-settings=\"{&quot;jet_parallax_layout_list&quot;:[]}\">\n\t\t\t\t<div class=\"elementor-element elementor-element-c4b6f98 de_scroll_animation_no elementor-invisible elementor-widget elementor-widget-text-editor\" data-id=\"c4b6f98\" data-element_type=\"widget\" data-settings=\"{&quot;_animation&quot;:&quot;fadeIn&quot;,&quot;_animation_delay&quot;:400}\" data-widget_type=\"text-editor.default\">\n\t\t\t\t<div class=\"elementor-widget-container\">\n\t\t\t\t\t\t\t\t\t<ul><li>&#034;AI AM&#034;, el Palazzo Thiene, Vicenza, 2024<\/li><li>&#034;Forme por contemplare l&#039;inenarrabile la&#034; MOSTRA PERSONALE, C|E, Galer\u00eda Contempor\u00e1nea, Mil\u00e1n, 2023<\/li><li>&#034;La larga historia corta, cuento largo&#034;, exposici\u00f3n individual en la Maison Galleria, en Daejeon, Corea del Sur, 2021<\/li><li>&#034;M de eme: de paseo por Madrid&#034;, CentroCentro, Espa\u00f1a, 2021<\/li><li>&#034;Ilustro Fest&#034;, fortaleza de Belgrado, Serbia, 2020<\/li><li>&#034;Italoamericana&#034;, Instituto italiano de cultura de Los \u00c1ngeles, L. A., estados UNIDOS, 2019<\/li><li>&#034;Idee en Fuga&#034;, la BASE, el Mil\u00e1n 2019<\/li><li>&#034;Illustri&#034;, &#034;Istituto Italiano di Cultura di Tokio&#034;, Jap\u00f3n 2018<\/li><li>&#034;Illustri3&#034;, Chi\u00f9 Festival, MAT Terlizzi, 2018<\/li><li>El Festival Del &#034;Magari&#034;, Point Eph\u00e9m\u00e8re, Par\u00eds, Francia, 2018<\/li><\/ul>\t\t\t\t\t\t\t\t<\/div>\n\t\t\t\t<\/div>\n\t\t\t\t<div class=\"elementor-element elementor-element-a17036e de_scroll_animation_no elementor-invisible elementor-widget elementor-widget-text-editor\" data-id=\"a17036e\" data-element_type=\"widget\" data-settings=\"{&quot;_animation&quot;:&quot;fadeIn&quot;,&quot;_animation_delay&quot;:400}\" data-widget_type=\"text-editor.default\">\n\t\t\t\t<div class=\"elementor-widget-container\">\n\t\t\t\t\t\t\t\t\t<ul><li>&#034;Milioni di Passi&#034; para M\u00e9dicos sin Fronteras, la Bas\u00edlica de andrea palladio, Vicenza y BASE, Mil\u00e1n, 2017<\/li><li>&#034;Sharitaly&#034;, la BASE, el Milano, el 2017<\/li><li>&#034;Nefele Festival&#034;, Atenas, Grecia, 2016<\/li><li>&#034;Novantanove&#034;, Torino Gr\u00e1fico d\u00edas, Torino, 2016<\/li><li>&#034;Saranno Illustri&#034;, Illustri Festival, Vicenza, 2015<\/li><li>&#034;Gusto Robusto&#034;, Treviso Comic Book Festival, Treviso, 2015<\/li><li>&#034;Il nuovo vocabolario della moda italiana&#034;, Triennale di Milano, Mil\u00e1n, 2015<\/li><li>&#034;Italianism&#034;, Festival Al Aire Libre, Roma, 2015<\/li><li>&#034;Bienvenido de nuevo a la Se\u00f1al de&#034; exposici\u00f3n individual en Franco Parenti Teatro, Mil\u00e1n, 2012<\/li><\/ul>\t\t\t\t\t\t\t\t<\/div>\n\t\t\t\t<\/div>\n\t\t\t\t<\/div>\n\t\t\t\t<\/div>\n\t\t\t\t\t<\/div>\n\t\t\t\t<\/div>\n\t\t\t\t<\/div>","protected":false},"excerpt":{"rendered":"<p>Francesco Bongiorni ABOUT ME Francesco Bongiorni (Milan, 1984) creates impactful and conceptual images, interpreting and synthesizing complex ideas in an original way. Francesco produces strong and sophisticated illustrations, conveying a clear and direct message to the viewer. He speaks and works in three languages (Italian, English and Spanish) and splits his time between Milan and [&hellip;]<\/p>","protected":false},"author":1,"featured_media":0,"parent":0,"menu_order":0,"comment_status":"closed","ping_status":"closed","template":"","meta":{"footnotes":""},"class_list":["post-11","page","type-page","status-publish","hentry"],"yoast_head":"<!-- This site is optimized with the Yoast SEO plugin v26.1.1 - https:\/\/yoast.com\/wordpress\/plugins\/seo\/ -->\n<title>About - Francesco Bongiorni<\/title>\n<meta name=\"description\" content=\"Francesco Bongiorni ABOUT ME Francesco Bongiorni (Milan, 1984) creates impactful and conceptual images, interpreting and synthesizing complex ideas in an\" \/>\n<meta name=\"robots\" content=\"index, follow, max-snippet:-1, max-image-preview:large, max-video-preview:-1\" \/>\n<link rel=\"canonical\" href=\"https:\/\/www.francescobongiorni.com\/es\/about\/\" \/>\n<meta property=\"og:locale\" content=\"es_ES\" \/>\n<meta property=\"og:type\" content=\"article\" \/>\n<meta property=\"og:title\" content=\"About - Francesco Bongiorni\" \/>\n<meta property=\"og:description\" content=\"Francesco Bongiorni ABOUT ME Francesco Bongiorni (Milan, 1984) creates impactful and conceptual images, interpreting and synthesizing complex ideas in an\" \/>\n<meta property=\"og:url\" content=\"https:\/\/www.francescobongiorni.com\/es\/about\/\" \/>\n<meta property=\"og:site_name\" content=\"Francesco Bongiorni\" \/>\n<meta property=\"article:modified_time\" content=\"2025-10-14T14:53:04+00:00\" \/>\n<meta property=\"og:image\" content=\"https:\/\/www.francescobongiorni.com\/wp-content\/uploads\/2024\/07\/Francesco_Bongiorni_Profile_Picture.jpg\" \/>\n\t<meta property=\"og:image:width\" content=\"846\" \/>\n\t<meta property=\"og:image:height\" content=\"1000\" \/>\n\t<meta property=\"og:image:type\" content=\"image\/jpeg\" \/>\n<meta name=\"twitter:card\" content=\"summary_large_image\" \/>\n<meta name=\"twitter:label1\" content=\"Tiempo de lectura\" \/>\n\t<meta name=\"twitter:data1\" content=\"8 minutos\" \/>\n<script type=\"application\/ld+json\" class=\"yoast-schema-graph\">{\"@context\":\"https:\/\/schema.org\",\"@graph\":[{\"@type\":\"WebPage\",\"@id\":\"https:\/\/www.francescobongiorni.com\/about\/\",\"url\":\"https:\/\/www.francescobongiorni.com\/about\/\",\"name\":\"About - Francesco Bongiorni\",\"isPartOf\":{\"@id\":\"https:\/\/www.francescobongiorni.com\/#website\"},\"primaryImageOfPage\":{\"@id\":\"https:\/\/www.francescobongiorni.com\/about\/#primaryimage\"},\"image\":{\"@id\":\"https:\/\/www.francescobongiorni.com\/about\/#primaryimage\"},\"thumbnailUrl\":\"https:\/\/www.francescobongiorni.com\/wp-content\/uploads\/2024\/07\/Francesco_Bongiorni_Profile_Picture.jpg\",\"datePublished\":\"2024-07-16T20:26:44+00:00\",\"dateModified\":\"2025-10-14T14:53:04+00:00\",\"description\":\"Francesco Bongiorni ABOUT ME Francesco Bongiorni (Milan, 1984) creates impactful and conceptual images, interpreting and synthesizing complex ideas in an\",\"breadcrumb\":{\"@id\":\"https:\/\/www.francescobongiorni.com\/about\/#breadcrumb\"},\"inLanguage\":\"es\",\"potentialAction\":[{\"@type\":\"ReadAction\",\"target\":[\"https:\/\/www.francescobongiorni.com\/about\/\"]}]},{\"@type\":\"ImageObject\",\"inLanguage\":\"es\",\"@id\":\"https:\/\/www.francescobongiorni.com\/about\/#primaryimage\",\"url\":\"https:\/\/www.francescobongiorni.com\/wp-content\/uploads\/2024\/07\/Francesco_Bongiorni_Profile_Picture.jpg\",\"contentUrl\":\"https:\/\/www.francescobongiorni.com\/wp-content\/uploads\/2024\/07\/Francesco_Bongiorni_Profile_Picture.jpg\"},{\"@type\":\"BreadcrumbList\",\"@id\":\"https:\/\/www.francescobongiorni.com\/about\/#breadcrumb\",\"itemListElement\":[{\"@type\":\"ListItem\",\"position\":1,\"name\":\"Home\",\"item\":\"https:\/\/www.francescobongiorni.com\/\"},{\"@type\":\"ListItem\",\"position\":2,\"name\":\"About\"}]},{\"@type\":\"WebSite\",\"@id\":\"https:\/\/www.francescobongiorni.com\/#website\",\"url\":\"https:\/\/www.francescobongiorni.com\/\",\"name\":\"Francesco Bongiorni\",\"description\":\"Francesco Bongiorni ilustrador\",\"publisher\":{\"@id\":\"https:\/\/www.francescobongiorni.com\/#organization\"},\"potentialAction\":[{\"@type\":\"SearchAction\",\"target\":{\"@type\":\"EntryPoint\",\"urlTemplate\":\"https:\/\/www.francescobongiorni.com\/?s={search_term_string}\"},\"query-input\":{\"@type\":\"PropertyValueSpecification\",\"valueRequired\":true,\"valueName\":\"search_term_string\"}}],\"inLanguage\":\"es\"},{\"@type\":\"Organization\",\"@id\":\"https:\/\/www.francescobongiorni.com\/#organization\",\"name\":\"Francesco Bongiorni\",\"url\":\"https:\/\/www.francescobongiorni.com\/\",\"logo\":{\"@type\":\"ImageObject\",\"inLanguage\":\"es\",\"@id\":\"https:\/\/www.francescobongiorni.com\/#\/schema\/logo\/image\/\",\"url\":\"https:\/\/www.francescobongiorni.com\/wp-content\/uploads\/2024\/07\/LOGOFB.png\",\"contentUrl\":\"https:\/\/www.francescobongiorni.com\/wp-content\/uploads\/2024\/07\/LOGOFB.png\",\"width\":176,\"height\":100,\"caption\":\"Francesco Bongiorni\"},\"image\":{\"@id\":\"https:\/\/www.francescobongiorni.com\/#\/schema\/logo\/image\/\"}}]}<\/script>\n<!-- \/ Yoast SEO plugin. -->","yoast_head_json":{"title":"About - Francesco Bongiorni","description":"Francesco Bongiorni ABOUT ME Francesco Bongiorni (Milan, 1984) creates impactful and conceptual images, interpreting and synthesizing complex ideas in an","robots":{"index":"index","follow":"follow","max-snippet":"max-snippet:-1","max-image-preview":"max-image-preview:large","max-video-preview":"max-video-preview:-1"},"canonical":"https:\/\/www.francescobongiorni.com\/es\/about\/","og_locale":"es_ES","og_type":"article","og_title":"About - Francesco Bongiorni","og_description":"Francesco Bongiorni ABOUT ME Francesco Bongiorni (Milan, 1984) creates impactful and conceptual images, interpreting and synthesizing complex ideas in an","og_url":"https:\/\/www.francescobongiorni.com\/es\/about\/","og_site_name":"Francesco Bongiorni","article_modified_time":"2025-10-14T14:53:04+00:00","og_image":[{"width":846,"height":1000,"url":"https:\/\/www.francescobongiorni.com\/wp-content\/uploads\/2024\/07\/Francesco_Bongiorni_Profile_Picture.jpg","type":"image\/jpeg"}],"twitter_card":"summary_large_image","twitter_misc":{"Tiempo de lectura":"8 minutos"},"schema":{"@context":"https:\/\/schema.org","@graph":[{"@type":"WebPage","@id":"https:\/\/www.francescobongiorni.com\/about\/","url":"https:\/\/www.francescobongiorni.com\/about\/","name":"About - Francesco Bongiorni","isPartOf":{"@id":"https:\/\/www.francescobongiorni.com\/#website"},"primaryImageOfPage":{"@id":"https:\/\/www.francescobongiorni.com\/about\/#primaryimage"},"image":{"@id":"https:\/\/www.francescobongiorni.com\/about\/#primaryimage"},"thumbnailUrl":"https:\/\/www.francescobongiorni.com\/wp-content\/uploads\/2024\/07\/Francesco_Bongiorni_Profile_Picture.jpg","datePublished":"2024-07-16T20:26:44+00:00","dateModified":"2025-10-14T14:53:04+00:00","description":"Francesco Bongiorni ABOUT ME Francesco Bongiorni (Milan, 1984) creates impactful and conceptual images, interpreting and synthesizing complex ideas in an","breadcrumb":{"@id":"https:\/\/www.francescobongiorni.com\/about\/#breadcrumb"},"inLanguage":"es","potentialAction":[{"@type":"ReadAction","target":["https:\/\/www.francescobongiorni.com\/about\/"]}]},{"@type":"ImageObject","inLanguage":"es","@id":"https:\/\/www.francescobongiorni.com\/about\/#primaryimage","url":"https:\/\/www.francescobongiorni.com\/wp-content\/uploads\/2024\/07\/Francesco_Bongiorni_Profile_Picture.jpg","contentUrl":"https:\/\/www.francescobongiorni.com\/wp-content\/uploads\/2024\/07\/Francesco_Bongiorni_Profile_Picture.jpg"},{"@type":"BreadcrumbList","@id":"https:\/\/www.francescobongiorni.com\/about\/#breadcrumb","itemListElement":[{"@type":"ListItem","position":1,"name":"Home","item":"https:\/\/www.francescobongiorni.com\/"},{"@type":"ListItem","position":2,"name":"About"}]},{"@type":"WebSite","@id":"https:\/\/www.francescobongiorni.com\/#website","url":"https:\/\/www.francescobongiorni.com\/","name":"Francesco Bongiorni","description":"Francesco Bongiorni ilustrador","publisher":{"@id":"https:\/\/www.francescobongiorni.com\/#organization"},"potentialAction":[{"@type":"SearchAction","target":{"@type":"EntryPoint","urlTemplate":"https:\/\/www.francescobongiorni.com\/?s={search_term_string}"},"query-input":{"@type":"PropertyValueSpecification","valueRequired":true,"valueName":"search_term_string"}}],"inLanguage":"es"},{"@type":"Organization","@id":"https:\/\/www.francescobongiorni.com\/#organization","name":"Francesco Bongiorni","url":"https:\/\/www.francescobongiorni.com\/","logo":{"@type":"ImageObject","inLanguage":"es","@id":"https:\/\/www.francescobongiorni.com\/#\/schema\/logo\/image\/","url":"https:\/\/www.francescobongiorni.com\/wp-content\/uploads\/2024\/07\/LOGOFB.png","contentUrl":"https:\/\/www.francescobongiorni.com\/wp-content\/uploads\/2024\/07\/LOGOFB.png","width":176,"height":100,"caption":"Francesco Bongiorni"},"image":{"@id":"https:\/\/www.francescobongiorni.com\/#\/schema\/logo\/image\/"}}]}},"_links":{"self":[{"href":"https:\/\/www.francescobongiorni.com\/es\/wp-json\/wp\/v2\/pages\/11","targetHints":{"allow":["GET"]}}],"collection":[{"href":"https:\/\/www.francescobongiorni.com\/es\/wp-json\/wp\/v2\/pages"}],"about":[{"href":"https:\/\/www.francescobongiorni.com\/es\/wp-json\/wp\/v2\/types\/page"}],"author":[{"embeddable":true,"href":"https:\/\/www.francescobongiorni.com\/es\/wp-json\/wp\/v2\/users\/1"}],"replies":[{"embeddable":true,"href":"https:\/\/www.francescobongiorni.com\/es\/wp-json\/wp\/v2\/comments?post=11"}],"version-history":[{"count":148,"href":"https:\/\/www.francescobongiorni.com\/es\/wp-json\/wp\/v2\/pages\/11\/revisions"}],"predecessor-version":[{"id":3691,"href":"https:\/\/www.francescobongiorni.com\/es\/wp-json\/wp\/v2\/pages\/11\/revisions\/3691"}],"wp:attachment":[{"href":"https:\/\/www.francescobongiorni.com\/es\/wp-json\/wp\/v2\/media?parent=11"}],"curies":[{"name":"wp","href":"https:\/\/api.w.org\/{rel}","templated":true}]}}